{"id":4919,"date":"2022-03-11T10:56:49","date_gmt":"2022-03-11T09:56:49","guid":{"rendered":"https:\/\/turismo.campisur.eu\/lugar\/gruener-weg-des-oels-vom-moriles-bis-campo-real\/"},"modified":"2022-03-11T10:56:49","modified_gmt":"2022-03-11T09:56:49","slug":"gruener-weg-des-oels-vom-moriles-bis-campo-real","status":"publish","type":"lugar","link":"https:\/\/turismo.campisur.eu\/de\/lugar\/gruener-weg-des-oels-vom-moriles-bis-campo-real\/","title":{"rendered":"Gr\u00fcner Weg des \u00d6ls: Vom Moriles bis Campo Real"},"content":{"rendered":"<p>Es handelt sich um eine Olivenstra\u00dfe zwischen den Provinzen Ja\u00e9n und C\u00f3rdoba. Sie verl\u00e4uft entlang einer alten Eisenbahnlinie, die Linares (Ja\u00e9n) bis Anfang des 20. Jahrhunderts verbindet hat. So entsteht dieser Weg, der eine interessante Landschaft durch die andalusische Felder bietet.<\/p>\n<p>Beschreibund der Strecke:<\/p>\n<p>Die Route beginnt zwischen der Grenze der Gemeinden Moriles und Lucena direkt nach der Strecke der Subb\u00e9tica des Naturpfads Gr\u00fcner Weg des \u00d6ls. Der Ausgangspunkt ist \u00fcber die A-318 durch eine Ausfahrt auf eine Schotterstra\u00dfe etwa beim Kilometer 29,2 vor dem Restaurant S Nabamila zu erreichen Kurz nach Beginn der Wanderung \u00fcberqueren Sie den Bach Fuente Romero und finden wenig sp\u00e4ter den einzigen Rastplatz dieser Route. Wenn Sie die Route fortsetzen, wird die Stra\u00dfe A-318 von einem gro\u00dfen Fu\u00dfg\u00e4ngerweg gekreuzt. Immer mit Blick auf die Sierras del Castillo und El Ni\u00f1o geht man auf dem Weg ohne viele Ver\u00e4nderungen weiter, vorbei an verschiedenen Bauernh\u00e4usern und Weing\u00fctern. Nachdem Sie den Bach Navaluenga \u00fcberquert haben, erreichen Sie bald das Ende der Route. was neben der Haltestelle Campo Real, etwa 4 Kilometer vom Stadtzentrum von Puente Genil entfernt, liegt. <\/p>\n","protected":false},"excerpt":{"rendered":"<p>Es handelt sich um eine Olivenstra\u00dfe zwischen den Provinzen Ja\u00e9n und C\u00f3rdoba. Sie verl\u00e4uft entlang einer alten Eisenbahnlinie, die Linares (Ja\u00e9n) bis Anfang des 20. Jahrhunderts verbindet hat. So entsteht [&hellip;]<\/p>\n","protected":false},"featured_media":3644,"template":"","meta":{"_acf_changed":false,"_et_pb_use_builder":"","_et_pb_old_content":"","_et_gb_content_width":"","footnotes":""},"categories":[116,121,120],"municipio":[181],"class_list":["post-4919","lugar","type-lugar","status-publish","has-post-thumbnail","hentry","category-natur","category-naturroutes","category-weg","municipio-moriles-de"],"acf":[],"yoast_head":"<!-- This site is optimized with the Yoast SEO plugin v26.9 - https:\/\/yoast.com\/product\/yoast-seo-wordpress\/ -->\n<title>Gr\u00fcner Weg des \u00d6ls: Vom Moriles bis Campo Real - Turismo Campi\u00f1a Sur<\/title>\n<meta name=\"robots\" content=\"index, follow, max-snippet:-1, max-image-preview:large, max-video-preview:-1\" \/>\n<link rel=\"canonical\" href=\"https:\/\/turismo.campisur.eu\/de\/lugar\/gruener-weg-des-oels-vom-moriles-bis-campo-real\/\" \/>\n<meta property=\"og:locale\" content=\"de_DE\" \/>\n<meta property=\"og:type\" content=\"article\" \/>\n<meta property=\"og:title\" content=\"Gr\u00fcner Weg des \u00d6ls: Vom Moriles bis Campo Real - Turismo Campi\u00f1a Sur\" \/>\n<meta property=\"og:description\" content=\"Es handelt sich um eine Olivenstra\u00dfe zwischen den Provinzen Ja\u00e9n und C\u00f3rdoba. Sie verl\u00e4uft entlang einer alten Eisenbahnlinie, die Linares (Ja\u00e9n) bis Anfang des 20. Jahrhunderts verbindet hat. So entsteht [&hellip;]\" \/>\n<meta property=\"og:url\" content=\"https:\/\/turismo.campisur.eu\/de\/lugar\/gruener-weg-des-oels-vom-moriles-bis-campo-real\/\" \/>\n<meta property=\"og:site_name\" content=\"Turismo Campi\u00f1a Sur\" \/>\n<meta property=\"og:image\" content=\"https:\/\/turismo.campisur.eu\/wp-content\/uploads\/2021\/06\/Via-Verde-Moriles.jpg\" \/>\n\t<meta property=\"og:image:width\" content=\"1024\" \/>\n\t<meta property=\"og:image:height\" content=\"768\" \/>\n\t<meta property=\"og:image:type\" content=\"image\/jpeg\" \/>\n<meta name=\"twitter:card\" content=\"summary_large_image\" \/>\n<meta name=\"twitter:label1\" content=\"Gesch\u00e4tzte Lesezeit\" \/>\n\t<meta name=\"twitter:data1\" content=\"1\u00a0Minute\" \/>\n<script type=\"application\/ld+json\" class=\"yoast-schema-graph\">{\"@context\":\"https:\/\/schema.org\",\"@graph\":[{\"@type\":\"WebPage\",\"@id\":\"https:\/\/turismo.campisur.eu\/de\/lugar\/gruener-weg-des-oels-vom-moriles-bis-campo-real\/\",\"url\":\"https:\/\/turismo.campisur.eu\/de\/lugar\/gruener-weg-des-oels-vom-moriles-bis-campo-real\/\",\"name\":\"Gr\u00fcner Weg des \u00d6ls: Vom Moriles bis Campo Real - Turismo Campi\u00f1a Sur\",\"isPartOf\":{\"@id\":\"https:\/\/turismo.campisur.eu\/en\/#website\"},\"primaryImageOfPage\":{\"@id\":\"https:\/\/turismo.campisur.eu\/de\/lugar\/gruener-weg-des-oels-vom-moriles-bis-campo-real\/#primaryimage\"},\"image\":{\"@id\":\"https:\/\/turismo.campisur.eu\/de\/lugar\/gruener-weg-des-oels-vom-moriles-bis-campo-real\/#primaryimage\"},\"thumbnailUrl\":\"https:\/\/turismo.campisur.eu\/wp-content\/uploads\/2021\/06\/Via-Verde-Moriles.jpg\",\"datePublished\":\"2022-03-11T09:56:49+00:00\",\"breadcrumb\":{\"@id\":\"https:\/\/turismo.campisur.eu\/de\/lugar\/gruener-weg-des-oels-vom-moriles-bis-campo-real\/#breadcrumb\"},\"inLanguage\":\"de\",\"potentialAction\":[{\"@type\":\"ReadAction\",\"target\":[\"https:\/\/turismo.campisur.eu\/de\/lugar\/gruener-weg-des-oels-vom-moriles-bis-campo-real\/\"]}]},{\"@type\":\"ImageObject\",\"inLanguage\":\"de\",\"@id\":\"https:\/\/turismo.campisur.eu\/de\/lugar\/gruener-weg-des-oels-vom-moriles-bis-campo-real\/#primaryimage\",\"url\":\"https:\/\/turismo.campisur.eu\/wp-content\/uploads\/2021\/06\/Via-Verde-Moriles.jpg\",\"contentUrl\":\"https:\/\/turismo.campisur.eu\/wp-content\/uploads\/2021\/06\/Via-Verde-Moriles.jpg\",\"width\":1024,\"height\":768},{\"@type\":\"BreadcrumbList\",\"@id\":\"https:\/\/turismo.campisur.eu\/de\/lugar\/gruener-weg-des-oels-vom-moriles-bis-campo-real\/#breadcrumb\",\"itemListElement\":[{\"@type\":\"ListItem\",\"position\":1,\"name\":\"Portada\",\"item\":\"https:\/\/turismo.campisur.eu\/de\/\"},{\"@type\":\"ListItem\",\"position\":2,\"name\":\"Lugares\",\"item\":\"https:\/\/turismo.campisur.eu\/de\/lugar\/\"},{\"@type\":\"ListItem\",\"position\":3,\"name\":\"Gr\u00fcner Weg des \u00d6ls: Vom Moriles bis Campo Real\"}]},{\"@type\":\"WebSite\",\"@id\":\"https:\/\/turismo.campisur.eu\/en\/#website\",\"url\":\"https:\/\/turismo.campisur.eu\/en\/\",\"name\":\"Turismo Campi\u00f1a Sur\",\"description\":\"Web de Turismo de la Campi\u00f1a Sur Cordobesa\",\"publisher\":{\"@id\":\"https:\/\/turismo.campisur.eu\/en\/#organization\"},\"potentialAction\":[{\"@type\":\"SearchAction\",\"target\":{\"@type\":\"EntryPoint\",\"urlTemplate\":\"https:\/\/turismo.campisur.eu\/en\/?s={search_term_string}\"},\"query-input\":{\"@type\":\"PropertyValueSpecification\",\"valueRequired\":true,\"valueName\":\"search_term_string\"}}],\"inLanguage\":\"de\"},{\"@type\":\"Organization\",\"@id\":\"https:\/\/turismo.campisur.eu\/en\/#organization\",\"name\":\"Turismo Campi\u00f1a Sur\",\"url\":\"https:\/\/turismo.campisur.eu\/en\/\",\"logo\":{\"@type\":\"ImageObject\",\"inLanguage\":\"de\",\"@id\":\"https:\/\/turismo.campisur.eu\/en\/#\/schema\/logo\/image\/\",\"url\":\"https:\/\/turismo.campisur.eu\/wp-content\/uploads\/2026\/02\/bueno.png\",\"contentUrl\":\"https:\/\/turismo.campisur.eu\/wp-content\/uploads\/2026\/02\/bueno.png\",\"width\":1086,\"height\":341,\"caption\":\"Turismo Campi\u00f1a Sur\"},\"image\":{\"@id\":\"https:\/\/turismo.campisur.eu\/en\/#\/schema\/logo\/image\/\"},\"sameAs\":[\"https:\/\/www.instagram.com\/campisurturismo\/?hl=es\"]}]}<\/script>\n<!-- \/ Yoast SEO plugin. -->","yoast_head_json":{"title":"Gr\u00fcner Weg des \u00d6ls: Vom Moriles bis Campo Real - Turismo Campi\u00f1a Sur","robots":{"index":"index","follow":"follow","max-snippet":"max-snippet:-1","max-image-preview":"max-image-preview:large","max-video-preview":"max-video-preview:-1"},"canonical":"https:\/\/turismo.campisur.eu\/de\/lugar\/gruener-weg-des-oels-vom-moriles-bis-campo-real\/","og_locale":"de_DE","og_type":"article","og_title":"Gr\u00fcner Weg des \u00d6ls: Vom Moriles bis Campo Real - Turismo Campi\u00f1a Sur","og_description":"Es handelt sich um eine Olivenstra\u00dfe zwischen den Provinzen Ja\u00e9n und C\u00f3rdoba. Sie verl\u00e4uft entlang einer alten Eisenbahnlinie, die Linares (Ja\u00e9n) bis Anfang des 20. Jahrhunderts verbindet hat. So entsteht [&hellip;]","og_url":"https:\/\/turismo.campisur.eu\/de\/lugar\/gruener-weg-des-oels-vom-moriles-bis-campo-real\/","og_site_name":"Turismo Campi\u00f1a Sur","og_image":[{"width":1024,"height":768,"url":"https:\/\/turismo.campisur.eu\/wp-content\/uploads\/2021\/06\/Via-Verde-Moriles.jpg","type":"image\/jpeg"}],"twitter_card":"summary_large_image","twitter_misc":{"Gesch\u00e4tzte Lesezeit":"1\u00a0Minute"},"schema":{"@context":"https:\/\/schema.org","@graph":[{"@type":"WebPage","@id":"https:\/\/turismo.campisur.eu\/de\/lugar\/gruener-weg-des-oels-vom-moriles-bis-campo-real\/","url":"https:\/\/turismo.campisur.eu\/de\/lugar\/gruener-weg-des-oels-vom-moriles-bis-campo-real\/","name":"Gr\u00fcner Weg des \u00d6ls: Vom Moriles bis Campo Real - Turismo Campi\u00f1a Sur","isPartOf":{"@id":"https:\/\/turismo.campisur.eu\/en\/#website"},"primaryImageOfPage":{"@id":"https:\/\/turismo.campisur.eu\/de\/lugar\/gruener-weg-des-oels-vom-moriles-bis-campo-real\/#primaryimage"},"image":{"@id":"https:\/\/turismo.campisur.eu\/de\/lugar\/gruener-weg-des-oels-vom-moriles-bis-campo-real\/#primaryimage"},"thumbnailUrl":"https:\/\/turismo.campisur.eu\/wp-content\/uploads\/2021\/06\/Via-Verde-Moriles.jpg","datePublished":"2022-03-11T09:56:49+00:00","breadcrumb":{"@id":"https:\/\/turismo.campisur.eu\/de\/lugar\/gruener-weg-des-oels-vom-moriles-bis-campo-real\/#breadcrumb"},"inLanguage":"de","potentialAction":[{"@type":"ReadAction","target":["https:\/\/turismo.campisur.eu\/de\/lugar\/gruener-weg-des-oels-vom-moriles-bis-campo-real\/"]}]},{"@type":"ImageObject","inLanguage":"de","@id":"https:\/\/turismo.campisur.eu\/de\/lugar\/gruener-weg-des-oels-vom-moriles-bis-campo-real\/#primaryimage","url":"https:\/\/turismo.campisur.eu\/wp-content\/uploads\/2021\/06\/Via-Verde-Moriles.jpg","contentUrl":"https:\/\/turismo.campisur.eu\/wp-content\/uploads\/2021\/06\/Via-Verde-Moriles.jpg","width":1024,"height":768},{"@type":"BreadcrumbList","@id":"https:\/\/turismo.campisur.eu\/de\/lugar\/gruener-weg-des-oels-vom-moriles-bis-campo-real\/#breadcrumb","itemListElement":[{"@type":"ListItem","position":1,"name":"Portada","item":"https:\/\/turismo.campisur.eu\/de\/"},{"@type":"ListItem","position":2,"name":"Lugares","item":"https:\/\/turismo.campisur.eu\/de\/lugar\/"},{"@type":"ListItem","position":3,"name":"Gr\u00fcner Weg des \u00d6ls: Vom Moriles bis Campo Real"}]},{"@type":"WebSite","@id":"https:\/\/turismo.campisur.eu\/en\/#website","url":"https:\/\/turismo.campisur.eu\/en\/","name":"Turismo Campi\u00f1a Sur","description":"Web de Turismo de la Campi\u00f1a Sur Cordobesa","publisher":{"@id":"https:\/\/turismo.campisur.eu\/en\/#organization"},"potentialAction":[{"@type":"SearchAction","target":{"@type":"EntryPoint","urlTemplate":"https:\/\/turismo.campisur.eu\/en\/?s={search_term_string}"},"query-input":{"@type":"PropertyValueSpecification","valueRequired":true,"valueName":"search_term_string"}}],"inLanguage":"de"},{"@type":"Organization","@id":"https:\/\/turismo.campisur.eu\/en\/#organization","name":"Turismo Campi\u00f1a Sur","url":"https:\/\/turismo.campisur.eu\/en\/","logo":{"@type":"ImageObject","inLanguage":"de","@id":"https:\/\/turismo.campisur.eu\/en\/#\/schema\/logo\/image\/","url":"https:\/\/turismo.campisur.eu\/wp-content\/uploads\/2026\/02\/bueno.png","contentUrl":"https:\/\/turismo.campisur.eu\/wp-content\/uploads\/2026\/02\/bueno.png","width":1086,"height":341,"caption":"Turismo Campi\u00f1a Sur"},"image":{"@id":"https:\/\/turismo.campisur.eu\/en\/#\/schema\/logo\/image\/"},"sameAs":["https:\/\/www.instagram.com\/campisurturismo\/?hl=es"]}]}},"_links":{"self":[{"href":"https:\/\/turismo.campisur.eu\/de\/wp-json\/wp\/v2\/lugar\/4919","targetHints":{"allow":["GET"]}}],"collection":[{"href":"https:\/\/turismo.campisur.eu\/de\/wp-json\/wp\/v2\/lugar"}],"about":[{"href":"https:\/\/turismo.campisur.eu\/de\/wp-json\/wp\/v2\/types\/lugar"}],"version-history":[{"count":0,"href":"https:\/\/turismo.campisur.eu\/de\/wp-json\/wp\/v2\/lugar\/4919\/revisions"}],"wp:featuredmedia":[{"embeddable":true,"href":"https:\/\/turismo.campisur.eu\/de\/wp-json\/wp\/v2\/media\/3644"}],"wp:attachment":[{"href":"https:\/\/turismo.campisur.eu\/de\/wp-json\/wp\/v2\/media?parent=4919"}],"wp:term":[{"taxonomy":"category","embeddable":true,"href":"https:\/\/turismo.campisur.eu\/de\/wp-json\/wp\/v2\/categories?post=4919"},{"taxonomy":"municipio","embeddable":true,"href":"https:\/\/turismo.campisur.eu\/de\/wp-json\/wp\/v2\/municipio?post=4919"}],"curies":[{"name":"wp","href":"https:\/\/api.w.org\/{rel}","templated":true}]}}